{"id":4536,"date":"2018-10-17T15:16:54","date_gmt":"2018-10-17T13:16:54","guid":{"rendered":"https:\/\/www.langerit.fr\/?page_id=4536"},"modified":"2024-07-23T18:30:10","modified_gmt":"2024-07-23T16:30:10","slug":"pourquoi","status":"publish","type":"page","link":"https:\/\/langerit.fr\/index.php\/pourquoi\/","title":{"rendered":"Pourquoi?"},"content":{"rendered":"\n<figure class=\"wp-block-video\"><video height=\"1080\" style=\"aspect-ratio: 1920 \/ 1080;\" width=\"1920\" controls src=\"http:\/\/langerit.fr\/wp-content\/uploads\/2024\/07\/2018-12-19-UMA-LeVouadec-Orfao-Ralliere.mp4\"><\/video><figcaption class=\"wp-element-caption\">Vid\u00e9o de pr\u00e9sentation\n(c)Le Vouadec- Orfao &#8211; Ralli\u00e8re &#8211; Ecole des Gobelins<\/figcaption><\/figure>\n\n\n\n<p>&nbsp;<\/p>\n\n\n\n<p>Au d\u00e9part, j&rsquo;ai cr\u00e9\u00e9 ces mod\u00e8les pour moi, pour ne plus penser \u00e0 ces \u00ab\u00a0petits\u00a0\u00bb inconv\u00e9nients que sont les r\u00e8gles ou les fuites urinaires intermittentes, pour bouger sans contrainte, faire du sport, \u00e9ternuer, courir apr\u00e8s le bus, etc.<br>Je voulais un sous-v\u00eatement protecteur le plus sain possible, confortable, doux mais \u00e9l\u00e9gant.<br>Ce sont mes amies enthousiastes qui m&rsquo;ont pouss\u00e9e \u00e0 cr\u00e9er un atelier aux Grands Voisins, et \u00e0 mettre au point plusieurs mod\u00e8les pour diff\u00e9rentes morphologies et diff\u00e9rentes tailles du 34 au 54.<\/p>\n\n\n\n<h2 class=\"wp-block-heading\">Philosophie<\/h2>\n\n\n\n<p>Une autre approche \u00e9conomique : produire localement et uniquement \u00e0 la demande, ce qui me permet de vous proposer des sous-v\u00eatements sans \u00e9lastique autour des cuisses, pour pr\u00e9server la circulation sanguine toute la journ\u00e9e, et \u00e9viter les irritations. Mais aussi plusieurs mod\u00e8les selon votre morphologie ou pr\u00e9f\u00e9rences, 5 couleurs, et des tailles qui vont du 34 au 54 selon les mod\u00e8les.<\/p>\n\n\n\n<p>Pr\u00e9server la plan\u00e8te, c&rsquo;est aussi r\u00e9duire les d\u00e9chets, sachant qu&rsquo;une protection hygi\u00e9nique met plusieurs centaines d&rsquo;ann\u00e9es \u00e0 se d\u00e9grader et que la composition de ces protections reste encore obscure pour le public.<\/p>\n\n\n\n<h2 class=\"wp-block-heading\">Comment?<\/h2>\n\n\n\n<p>En vous proposant des sous-v\u00eatements en coton de qualit\u00e9 sup\u00e9rieure, 250g\/m2, capable de supporter des centaines de lavages, avec juste ce qu&rsquo;il faut de lycra pour le confort, certifi\u00e9 OEKO-TEX100, c&rsquo;est \u00e0 dire que les teintures ne contiennent pas de substances connues pour \u00eatre nocives.<\/p>\n\n\n\n<p>Une protection efficace, la plus naturelle possible, sans odeur ni humidit\u00e9, et qui remplace 2 \u00e0 3 serviettes hygi\u00e9niques ou tampons, soit une journ\u00e9e de tranquillit\u00e9.<br>Elle est compos\u00e9e de soie naturelle, pour ses qualit\u00e9s anti-odeur et anti-humidit\u00e9, de bambou tr\u00e8s absorbant et de jersey de coton bio imperm\u00e9abilis\u00e9 et respirant (PUL).<\/p>\n\n\n\n<p>Je suis consciente que nous sommes encore loin d&rsquo;une fabrication qui serait 100% bio, tra\u00e7able \u00e0 100%, et avec une faible empreinte carbone.<br>Je suis en recherche permanente de nouveaux textiles, en fibres naturelles, lin, chanvre, coton, orties, etc.&nbsp; qui peuvent procurer le m\u00eame confort que le coton, mais avec un impact moins n\u00e9gatif pour la plan\u00e8te. Et je milite pour la r\u00e9activation de fili\u00e8res artisanales disparues dans la plupart des pays d&rsquo;Europe, en particulier en France.<br>A suivre donc!<\/p>\n","protected":false},"excerpt":{"rendered":"<p>&nbsp; Au d\u00e9part, j&rsquo;ai cr\u00e9\u00e9 ces mod\u00e8les pour moi, pour ne plus penser \u00e0 ces \u00ab\u00a0petits\u00a0\u00bb inconv\u00e9nients que sont les r\u00e8gles ou les fuites urinaires intermittentes, pour bouger sans contrainte, faire du sport, \u00e9ternuer, courir apr\u00e8s le bus, etc.Je voulais un sous-v\u00eatement protecteur le plus sain possible, confortable, doux mais \u00e9l\u00e9gant.Ce sont mes amies enthousiastes [&hellip;]<\/p>\n","protected":false},"author":1,"featured_media":0,"parent":0,"menu_order":0,"comment_status":"closed","ping_status":"closed","template":"","meta":{"footnotes":""},"class_list":["post-4536","page","type-page","status-publish","hentry"],"yoast_head":"<!-- This site is optimized with the Yoast SEO plugin v27.3 - https:\/\/yoast.com\/product\/yoast-seo-wordpress\/ -->\n<title>Pourquoi? - L&#039;Ange rit<\/title>\n<meta name=\"robots\" content=\"index, follow, max-snippet:-1, max-image-preview:large, max-video-preview:-1\" \/>\n<link rel=\"canonical\" href=\"https:\/\/langerit.fr\/index.php\/pourquoi\/\" \/>\n<meta property=\"og:locale\" content=\"fr_FR\" \/>\n<meta property=\"og:type\" content=\"article\" \/>\n<meta property=\"og:title\" content=\"Pourquoi? - L&#039;Ange rit\" \/>\n<meta property=\"og:description\" content=\"&nbsp; Au d\u00e9part, j&rsquo;ai cr\u00e9\u00e9 ces mod\u00e8les pour moi, pour ne plus penser \u00e0 ces \u00ab\u00a0petits\u00a0\u00bb inconv\u00e9nients que sont les r\u00e8gles ou les fuites urinaires intermittentes, pour bouger sans contrainte, faire du sport, \u00e9ternuer, courir apr\u00e8s le bus, etc.Je voulais un sous-v\u00eatement protecteur le plus sain possible, confortable, doux mais \u00e9l\u00e9gant.Ce sont mes amies enthousiastes [&hellip;]\" \/>\n<meta property=\"og:url\" content=\"https:\/\/langerit.fr\/index.php\/pourquoi\/\" \/>\n<meta property=\"og:site_name\" content=\"L&#039;Ange rit\" \/>\n<meta property=\"article:publisher\" content=\"https:\/\/facebook.com\/langerit.confort\/\" \/>\n<meta property=\"article:modified_time\" content=\"2024-07-23T16:30:10+00:00\" \/>\n<meta name=\"twitter:card\" content=\"summary_large_image\" \/>\n<meta name=\"twitter:label1\" content=\"Dur\u00e9e de lecture estim\u00e9e\" \/>\n\t<meta name=\"twitter:data1\" content=\"2 minutes\" \/>\n<script type=\"application\/ld+json\" class=\"yoast-schema-graph\">{\"@context\":\"https:\\\/\\\/schema.org\",\"@graph\":[{\"@type\":\"WebPage\",\"@id\":\"https:\\\/\\\/langerit.fr\\\/index.php\\\/pourquoi\\\/\",\"url\":\"https:\\\/\\\/langerit.fr\\\/index.php\\\/pourquoi\\\/\",\"name\":\"Pourquoi? - L&#039;Ange rit\",\"isPartOf\":{\"@id\":\"https:\\\/\\\/langerit.fr\\\/#website\"},\"datePublished\":\"2018-10-17T13:16:54+00:00\",\"dateModified\":\"2024-07-23T16:30:10+00:00\",\"breadcrumb\":{\"@id\":\"https:\\\/\\\/langerit.fr\\\/index.php\\\/pourquoi\\\/#breadcrumb\"},\"inLanguage\":\"fr-FR\",\"potentialAction\":[{\"@type\":\"ReadAction\",\"target\":[\"https:\\\/\\\/langerit.fr\\\/index.php\\\/pourquoi\\\/\"]}]},{\"@type\":\"BreadcrumbList\",\"@id\":\"https:\\\/\\\/langerit.fr\\\/index.php\\\/pourquoi\\\/#breadcrumb\",\"itemListElement\":[{\"@type\":\"ListItem\",\"position\":1,\"name\":\"Accueil\",\"item\":\"https:\\\/\\\/langerit.fr\\\/\"},{\"@type\":\"ListItem\",\"position\":2,\"name\":\"Pourquoi?\"}]},{\"@type\":\"WebSite\",\"@id\":\"https:\\\/\\\/langerit.fr\\\/#website\",\"url\":\"https:\\\/\\\/langerit.fr\\\/\",\"name\":\"L'Ange rit\",\"description\":\"Culottes Menstruelles Artisanales Fabriqu\u00e9es en France en Loir-et-Cher\",\"publisher\":{\"@id\":\"https:\\\/\\\/langerit.fr\\\/#organization\"},\"potentialAction\":[{\"@type\":\"SearchAction\",\"target\":{\"@type\":\"EntryPoint\",\"urlTemplate\":\"https:\\\/\\\/langerit.fr\\\/?s={search_term_string}\"},\"query-input\":{\"@type\":\"PropertyValueSpecification\",\"valueRequired\":true,\"valueName\":\"search_term_string\"}}],\"inLanguage\":\"fr-FR\"},{\"@type\":\"Organization\",\"@id\":\"https:\\\/\\\/langerit.fr\\\/#organization\",\"name\":\"L'Ange rit\",\"url\":\"https:\\\/\\\/langerit.fr\\\/\",\"logo\":{\"@type\":\"ImageObject\",\"inLanguage\":\"fr-FR\",\"@id\":\"https:\\\/\\\/langerit.fr\\\/#\\\/schema\\\/logo\\\/image\\\/\",\"url\":\"https:\\\/\\\/langerit.fr\\\/wp-content\\\/uploads\\\/2024\\\/07\\\/logo-definitif1.jpg\",\"contentUrl\":\"https:\\\/\\\/langerit.fr\\\/wp-content\\\/uploads\\\/2024\\\/07\\\/logo-definitif1.jpg\",\"width\":459,\"height\":433,\"caption\":\"L'Ange rit\"},\"image\":{\"@id\":\"https:\\\/\\\/langerit.fr\\\/#\\\/schema\\\/logo\\\/image\\\/\"},\"sameAs\":[\"https:\\\/\\\/facebook.com\\\/langerit.confort\\\/\",\"https:\\\/\\\/instagram.com\\\/langerit\\\/\"]}]}<\/script>\n<!-- \/ Yoast SEO plugin. -->","yoast_head_json":{"title":"Pourquoi? - L&#039;Ange rit","robots":{"index":"index","follow":"follow","max-snippet":"max-snippet:-1","max-image-preview":"max-image-preview:large","max-video-preview":"max-video-preview:-1"},"canonical":"https:\/\/langerit.fr\/index.php\/pourquoi\/","og_locale":"fr_FR","og_type":"article","og_title":"Pourquoi? - L&#039;Ange rit","og_description":"&nbsp; Au d\u00e9part, j&rsquo;ai cr\u00e9\u00e9 ces mod\u00e8les pour moi, pour ne plus penser \u00e0 ces \u00ab\u00a0petits\u00a0\u00bb inconv\u00e9nients que sont les r\u00e8gles ou les fuites urinaires intermittentes, pour bouger sans contrainte, faire du sport, \u00e9ternuer, courir apr\u00e8s le bus, etc.Je voulais un sous-v\u00eatement protecteur le plus sain possible, confortable, doux mais \u00e9l\u00e9gant.Ce sont mes amies enthousiastes [&hellip;]","og_url":"https:\/\/langerit.fr\/index.php\/pourquoi\/","og_site_name":"L&#039;Ange rit","article_publisher":"https:\/\/facebook.com\/langerit.confort\/","article_modified_time":"2024-07-23T16:30:10+00:00","twitter_card":"summary_large_image","twitter_misc":{"Dur\u00e9e de lecture estim\u00e9e":"2 minutes"},"schema":{"@context":"https:\/\/schema.org","@graph":[{"@type":"WebPage","@id":"https:\/\/langerit.fr\/index.php\/pourquoi\/","url":"https:\/\/langerit.fr\/index.php\/pourquoi\/","name":"Pourquoi? - L&#039;Ange rit","isPartOf":{"@id":"https:\/\/langerit.fr\/#website"},"datePublished":"2018-10-17T13:16:54+00:00","dateModified":"2024-07-23T16:30:10+00:00","breadcrumb":{"@id":"https:\/\/langerit.fr\/index.php\/pourquoi\/#breadcrumb"},"inLanguage":"fr-FR","potentialAction":[{"@type":"ReadAction","target":["https:\/\/langerit.fr\/index.php\/pourquoi\/"]}]},{"@type":"BreadcrumbList","@id":"https:\/\/langerit.fr\/index.php\/pourquoi\/#breadcrumb","itemListElement":[{"@type":"ListItem","position":1,"name":"Accueil","item":"https:\/\/langerit.fr\/"},{"@type":"ListItem","position":2,"name":"Pourquoi?"}]},{"@type":"WebSite","@id":"https:\/\/langerit.fr\/#website","url":"https:\/\/langerit.fr\/","name":"L'Ange rit","description":"Culottes Menstruelles Artisanales Fabriqu\u00e9es en France en Loir-et-Cher","publisher":{"@id":"https:\/\/langerit.fr\/#organization"},"potentialAction":[{"@type":"SearchAction","target":{"@type":"EntryPoint","urlTemplate":"https:\/\/langerit.fr\/?s={search_term_string}"},"query-input":{"@type":"PropertyValueSpecification","valueRequired":true,"valueName":"search_term_string"}}],"inLanguage":"fr-FR"},{"@type":"Organization","@id":"https:\/\/langerit.fr\/#organization","name":"L'Ange rit","url":"https:\/\/langerit.fr\/","logo":{"@type":"ImageObject","inLanguage":"fr-FR","@id":"https:\/\/langerit.fr\/#\/schema\/logo\/image\/","url":"https:\/\/langerit.fr\/wp-content\/uploads\/2024\/07\/logo-definitif1.jpg","contentUrl":"https:\/\/langerit.fr\/wp-content\/uploads\/2024\/07\/logo-definitif1.jpg","width":459,"height":433,"caption":"L'Ange rit"},"image":{"@id":"https:\/\/langerit.fr\/#\/schema\/logo\/image\/"},"sameAs":["https:\/\/facebook.com\/langerit.confort\/","https:\/\/instagram.com\/langerit\/"]}]}},"_links":{"self":[{"href":"https:\/\/langerit.fr\/index.php\/wp-json\/wp\/v2\/pages\/4536","targetHints":{"allow":["GET"]}}],"collection":[{"href":"https:\/\/langerit.fr\/index.php\/wp-json\/wp\/v2\/pages"}],"about":[{"href":"https:\/\/langerit.fr\/index.php\/wp-json\/wp\/v2\/types\/page"}],"author":[{"embeddable":true,"href":"https:\/\/langerit.fr\/index.php\/wp-json\/wp\/v2\/users\/1"}],"replies":[{"embeddable":true,"href":"https:\/\/langerit.fr\/index.php\/wp-json\/wp\/v2\/comments?post=4536"}],"version-history":[{"count":3,"href":"https:\/\/langerit.fr\/index.php\/wp-json\/wp\/v2\/pages\/4536\/revisions"}],"predecessor-version":[{"id":5986,"href":"https:\/\/langerit.fr\/index.php\/wp-json\/wp\/v2\/pages\/4536\/revisions\/5986"}],"wp:attachment":[{"href":"https:\/\/langerit.fr\/index.php\/wp-json\/wp\/v2\/media?parent=4536"}],"curies":[{"name":"wp","href":"https:\/\/api.w.org\/{rel}","templated":true}]}}